{"id":12436,"date":"2019-08-20T14:59:02","date_gmt":"2019-08-20T12:59:02","guid":{"rendered":"http:\/\/www.ciriec.uliege.be\/?post_type=tribe_events&#038;p=12436"},"modified":"2019-08-20T15:00:22","modified_gmt":"2019-08-20T13:00:22","slug":"3eme-edition-du-congres-international-marketing-communication-des-organisations-et-developpement-durable-agadir-28-29-novembre-2019","status":"publish","type":"tribe_events","link":"https:\/\/www.ciriec.uliege.be\/en\/event-ciriec\/3eme-edition-du-congres-international-marketing-communication-des-organisations-et-developpement-durable-agadir-28-29-novembre-2019\/","title":{"rendered":"3\u00e8me\u00a0ed. Congr\u00e8s International Marketing, Communication des Organisations et D\u00e9veloppement Durable, Agadir, 28-29 Novembre 2019"},"content":{"rendered":"<h4 class=\"text-success\">3<sup>\u00e8me<\/sup>\u00a0\u00e9dition du Congr\u00e8s International Marketing, Communication des Organisations et D\u00e9veloppement Durable, Agadir, 28-29 Novembre 2019<\/h4>\n<p>Le 3<sup>\u00e8me<\/sup>\u00a0\u00e9dition du Congr\u00e8s International Marketing, Communication des Organisations et D\u00e9veloppement Durable MCODD 2019\u00a0aura lieu \u00e0 Agadir les 28 et 29 Novembre 2019. Le CIRIEC International est partenaire scientifique dans l&#8217;organisation de cet \u00e9v\u00e9nement.<\/p>\n<p>Th\u00e8me\u00a0:\u00a0<em><strong>\u00ab\u00a0Les enjeux strat\u00e9giques du management des OESS\u00a0: quels orientations et outils pour am\u00e9liorer leur performance et leur comp\u00e9titivit\u00e9 dans le contexte du d\u00e9veloppement durable des terroristes\u00a0?\u00a0\u00bb<\/strong><\/em><\/p>\n<p>INFO:\u00a0<a href=\"https:\/\/www.fnege.org\/uploads\/documents\/3eme-edition-du-congres-international-mcodd-sous-le-theme-les-enjeux-strategiques-du-management-des-oess-quels-orientati5ce3ed37df517-fr-pdf.pdf\" target=\"_blank\" rel=\"noopener\">ICI<\/a><\/p>\n<p><a href=\"mailto:congres.mcodd2019@gmail.com\" target=\"_blank\" rel=\"noopener\">congres.mcodd2019@gmail.com<\/a><\/p>\n","protected":false},"excerpt":{"rendered":"<p>3\u00e8me\u00a0\u00e9dition du Congr\u00e8s International Marketing, Communication des Organisations et D\u00e9veloppement Durable, Agadir, 28-29 Novembre 2019 Le 3\u00e8me\u00a0\u00e9dition du Congr\u00e8s International Marketing, Communication des Organisations et D\u00e9veloppement Durable MCODD 2019\u00a0aura lieu \u00e0 Agadir les 28 et 29 Novembre 2019. Le CIRIEC International est partenaire scientifique dans l&#8217;organisation de cet \u00e9v\u00e9nement. Th\u00e8me\u00a0:\u00a0\u00ab\u00a0Les enjeux strat\u00e9giques du management des&#8230; <\/p>\n<div class=\"clear\"><\/div>\n<p><a href=\"https:\/\/www.ciriec.uliege.be\/en\/event-ciriec\/3eme-edition-du-congres-international-marketing-communication-des-organisations-et-developpement-durable-agadir-28-29-novembre-2019\/\" class=\"gdlr-button with-border excerpt-read-more\">Read More<\/a><\/p>\n","protected":false},"author":6,"featured_media":12437,"comment_status":"closed","ping_status":"closed","template":"","meta":[],"tags":[],"tribe_events_cat":[202],"_links":{"self":[{"href":"https:\/\/www.ciriec.uliege.be\/en\/wp-json\/wp\/v2\/tribe_events\/12436"}],"collection":[{"href":"https:\/\/www.ciriec.uliege.be\/en\/wp-json\/wp\/v2\/tribe_events"}],"about":[{"href":"https:\/\/www.ciriec.uliege.be\/en\/wp-json\/wp\/v2\/types\/tribe_events"}],"author":[{"embeddable":true,"href":"https:\/\/www.ciriec.uliege.be\/en\/wp-json\/wp\/v2\/users\/6"}],"replies":[{"embeddable":true,"href":"https:\/\/www.ciriec.uliege.be\/en\/wp-json\/wp\/v2\/comments?post=12436"}],"version-history":[{"count":2,"href":"https:\/\/www.ciriec.uliege.be\/en\/wp-json\/wp\/v2\/tribe_events\/12436\/revisions"}],"predecessor-version":[{"id":12441,"href":"https:\/\/www.ciriec.uliege.be\/en\/wp-json\/wp\/v2\/tribe_events\/12436\/revisions\/12441"}],"wp:featuredmedia":[{"embeddable":true,"href":"https:\/\/www.ciriec.uliege.be\/en\/wp-json\/wp\/v2\/media\/12437"}],"wp:attachment":[{"href":"https:\/\/www.ciriec.uliege.be\/en\/wp-json\/wp\/v2\/media?parent=12436"}],"wp:term":[{"taxonomy":"post_tag","embeddable":true,"href":"https:\/\/www.ciriec.uliege.be\/en\/wp-json\/wp\/v2\/tags?post=12436"},{"taxonomy":"tribe_events_cat","embeddable":true,"href":"https:\/\/www.ciriec.uliege.be\/en\/wp-json\/wp\/v2\/tribe_events_cat?post=12436"}],"curies":[{"name":"wp","href":"https:\/\/api.w.org\/{rel}","templated":true}]}}